{"id":5450,"date":"2023-04-07T14:05:33","date_gmt":"2023-04-07T12:05:33","guid":{"rendered":"https:\/\/melcaramel.com\/premios\/"},"modified":"2026-03-07T17:19:46","modified_gmt":"2026-03-07T16:19:46","slug":"premios","status":"publish","type":"page","link":"https:\/\/melcaramel.com\/es\/premios\/","title":{"rendered":"Premios"},"content":{"rendered":"<div class=\"wpb-content-wrapper\"><p>[vc_row css_animation=\u00bbslideInLeft\u00bb el_class=\u00bbmel-col-color-right slider-mel\u00bb bb_sm_mode=\u00bbno\u00bb el_id=\u00bbpagina-servicios\u00bb][vc_column css_animation=\u00bbfadeIn\u00bb offset=\u00bbvc_col-lg-offset-1 vc_col-lg-10 vc_col-md-12&#8243; bb_sm_mode=\u00bbno\u00bb el_class=\u00bbwow\u00bb]<div id='bbsm-69ef5119b9beb' class='mel-foto-efecto wow fadeIn mel-vertical-down-2  bbsm-text-'>[vc_single_image image=\u00bb4572&#8243; img_size=\u00bbfull\u00bb]<\/div>[\/vc_column][\/vc_row][vc_row el_class=\u00bbmel-textslider\u00bb][vc_column css_animation=\u00bbfadeIn\u00bb width=\u00bb5\/6&#8243; offset=\u00bbvc_col-lg-offset-2 vc_col-lg-10 vc_col-md-offset-1 vc_col-md-10 vc_col-sm-offset-1 vc_col-xs-offset-1 vc_col-xs-10&#8243; bb_sm_mode=\u00bbno\u00bb][vc_custom_heading text=\u00bbPremios\u00bb font_container=\u00bbtag:h1|text_align:left\u00bb use_theme_fonts=\u00bbyes\u00bb css_animation=\u00bbfadeIn\u00bb el_class=\u00bbmel-title-1&#8243;][vc_custom_heading text=\u00bbinternacionales\u00bb use_theme_fonts=\u00bbyes\u00bb css_animation=\u00bbfadeIn\u00bb el_class=\u00bbmel-title-2&#8243;][\/vc_column][\/vc_row][vc_row content_placement=\u00bbmiddle\u00bb el_class=\u00bbmel-textslider\u00bb][vc_column css_animation=\u00bbfadeIn\u00bb width=\u00bb3\/4&#8243; offset=\u00bbvc_col-lg-offset-3 vc_col-lg-4 vc_col-md-offset-2 vc_col-md-5 vc_col-sm-offset-2 vc_col-xs-offset-1 vc_col-xs-10&#8243; bb_sm_mode=\u00bbno\u00bb][vc_row_inner][vc_column_inner]<div id='bbsm-69ef5119b9cb9' class='bbsm-text-'>[vc_column_text css_animation=\u00bbfadeIn\u00bb css=\u00bb\u00bb el_class=\u00bbmel-box-body\u00bb]Hace nueve a\u00f1os que participo en el concurso de <strong>mieles ecol\u00f3gicas Biolmiel<\/strong> , celebrado en Italia, un concurso donde un jurado internacional analiza las caracter\u00edsticas visuales, olfativas, gustativas y de textura de las mieles que los apicultores con certificaci\u00f3n ecol\u00f3gica env\u00edan de todo el mundo.[\/vc_column_text]<\/div>[\/vc_column_inner][\/vc_row_inner][vc_row_inner][vc_column_inner offset=\u00bbvc_col-lg-offset-0 vc_col-lg-12&#8243;][vc_custom_heading text=\u00bb2025 Medalla de oro\u00bb use_theme_fonts=\u00bbyes\u00bb css=\u00bb\u00bb el_class=\u00bbmel-title-2 mt-0&#8243;][vc_column_text css_animation=\u00bbfadeIn\u00bb css=\u00bb.vc_custom_1772842399669{margin-bottom: 15px !important;}\u00bb el_class=\u00bbmel-box-body\u00bb]Medalla de oro en el concurso Biolmiel para la miel ecol\u00f3gica de la finca de:[\/vc_column_text][vc_btn title=\u00bbSon Real\u00bb style=\u00bbcustom\u00bb custom_background=\u00bb\u00bb custom_text=\u00bb\u00bb shape=\u00bbsquare\u00bb css_animation=\u00bbfadeIn\u00bb css=\u00bb\u00bb el_class=\u00bbmel-boton-simple\u00bb link=\u00bburl:https%3A%2F%2Fmelcaramel.com%2Ftenda%2Fmel-ecologica-son-real%2F|title:Mel%20ecol%C3%B2gica%20de%20Fart%C3%A0ritx|\u00bb][vc_custom_heading text=\u00bbGanador del concurso Biolmiel\u00bb use_theme_fonts=\u00bbyes\u00bb el_class=\u00bbmel-title-2 mt-0&#8243;][vc_column_text css_animation=\u00bbfadeIn\u00bb css=\u00bb.vc_custom_1596360952429{margin-bottom: 15px !important;}\u00bb el_class=\u00bbmel-box-body\u00bb]Con la miel recolectada en la finca de:[\/vc_column_text][vc_single_image image=\u00bb7456&#8243; img_size=\u00bblarge\u00bb css_animation=\u00bbnone\u00bb css=\u00bb\u00bb][\/vc_column_inner][\/vc_row_inner][vc_row_inner][vc_column_inner offset=\u00bbvc_col-lg-offset-0 vc_col-lg-12&#8243;][vc_custom_heading text=\u00bb2025 Medalla de plata\u00bb use_theme_fonts=\u00bbyes\u00bb css=\u00bb\u00bb el_class=\u00bbmel-title-2 mt-0&#8243;][vc_column_text css_animation=\u00bbfadeIn\u00bb css=\u00bb.vc_custom_1772842558244{margin-bottom: 15px !important;}\u00bb el_class=\u00bbmel-box-body\u00bb]Medalla de plata en el concurso Biolmiel para la miel ecol\u00f3gica de la finca de:[\/vc_column_text][vc_btn title=\u00bbSantiani\u00bb style=\u00bbcustom\u00bb custom_background=\u00bb\u00bb custom_text=\u00bb\u00bb shape=\u00bbsquare\u00bb css_animation=\u00bbfadeIn\u00bb css=\u00bb\u00bb el_class=\u00bbmel-boton-simple\u00bb link=\u00bburl:https%3A%2F%2Fmelcaramel.com%2Ftenda%2Fmel-ecologica-de-santiani%2F|title:Mel%20ecol%C3%B2gica%20de%20Can%20Knudsen|\u00bb][vc_single_image image=\u00bb7457&#8243; img_size=\u00bblarge\u00bb css_animation=\u00bbnone\u00bb css=\u00bb\u00bb][\/vc_column_inner][\/vc_row_inner][vc_row_inner][vc_column_inner offset=\u00bbvc_col-lg-offset-0 vc_col-lg-12&#8243;][vc_custom_heading text=\u00bb2024 Medalla de oro\u00bb use_theme_fonts=\u00bbyes\u00bb css=\u00bb\u00bb el_class=\u00bbmel-title-2 mt-0&#8243;][vc_column_text css_animation=\u00bbfadeIn\u00bb css=\u00bb.vc_custom_1697304857216{margin-bottom: 15px !important;}\u00bb el_class=\u00bbmel-box-body\u00bb]Medalla de oro en el concurso Biolmiel para las mieles ecol\u00f3gicas de las fincas de:[\/vc_column_text][vc_btn title=\u00bbFart\u00e0ritx\u00bb style=\u00bbcustom\u00bb custom_background=\u00bb\u00bb custom_text=\u00bb\u00bb shape=\u00bbsquare\u00bb css_animation=\u00bbfadeIn\u00bb el_class=\u00bbmel-boton-simple\u00bb link=\u00bburl:https%3A%2F%2Fmelcaramel.com%2Ftenda%2Fmel-ecologica-fartaritx|title:Mel%20ecol%C3%B2gica%20de%20Fart%C3%A0ritx|\u00bb][vc_single_image image=\u00bb6581&#8243; img_size=\u00bblarge\u00bb css_animation=\u00bbnone\u00bb][\/vc_column_inner][\/vc_row_inner][vc_row_inner][vc_column_inner offset=\u00bbvc_col-lg-offset-0 vc_col-lg-12&#8243;][vc_custom_heading text=\u00bb2024 Siete medallas de plata\u00bb use_theme_fonts=\u00bbyes\u00bb css=\u00bb\u00bb el_class=\u00bbmel-title-2 mt-0&#8243;][vc_column_text css_animation=\u00bbfadeIn\u00bb css=\u00bb.vc_custom_1708623571833{margin-bottom: 15px !important;}\u00bb el_class=\u00bbmel-box-body\u00bb]Medalla de plata en el concurso Biolmiel para las mieles ecol\u00f3gicas de las fincas de:[\/vc_column_text][vc_btn title=\u00bbCan Knudsen\u00bb style=\u00bbcustom\u00bb custom_background=\u00bb\u00bb custom_text=\u00bb\u00bb shape=\u00bbsquare\u00bb css_animation=\u00bbfadeIn\u00bb el_class=\u00bbmel-boton-simple\u00bb link=\u00bburl:https%3A%2F%2Fmelcaramel.com%2Ftenda%2Fmel-ecologica-can-knudsen%2F|title:Mel%20ecol%C3%B2gica%20de%20Can%20Knudsen|\u00bb][vc_btn title=\u00bbFart\u00e0ritx\u00bb style=\u00bbcustom\u00bb custom_background=\u00bb\u00bb custom_text=\u00bb\u00bb shape=\u00bbsquare\u00bb css_animation=\u00bbfadeIn\u00bb el_class=\u00bbmel-boton-simple\u00bb link=\u00bburl:https%3A%2F%2Fmelcaramel.com%2Ftenda%2Fmel-ecologica-fartaritx|title:Mel%20ecol%C3%B2gica%20de%20Fart%C3%A0ritx|\u00bb][vc_btn title=\u00bbMonn\u00e0ber Vell\u00bb style=\u00bbcustom\u00bb custom_background=\u00bb\u00bb custom_text=\u00bb\u00bb shape=\u00bbsquare\u00bb css_animation=\u00bbfadeIn\u00bb el_class=\u00bbmel-boton-simple\u00bb link=\u00bburl:https%3A%2F%2Fmelcaramel.com%2Fes%2F%3Fattachment_id%3D6904|title:Mel%20ecol%C3%B2gica%20de%20Monn%C3%A0ber%20Vell|\u00bb][vc_btn title=\u00bbMosset\u00bb style=\u00bbcustom\u00bb custom_background=\u00bb\u00bb custom_text=\u00bb\u00bb shape=\u00bbsquare\u00bb css_animation=\u00bbfadeIn\u00bb el_class=\u00bbmel-boton-simple\u00bb link=\u00bburl:https%3A%2F%2Fmelcaramel.com%2Ftenda%2Fmel-ecologica-de-mosset%2F|title:Mel%20ecol%C3%B2gica%20de%20Mosset|\u00bb][vc_btn title=\u00bbSantiani\u00bb style=\u00bbcustom\u00bb custom_background=\u00bb\u00bb custom_text=\u00bb\u00bb shape=\u00bbsquare\u00bb css_animation=\u00bbfadeIn\u00bb el_class=\u00bbmel-boton-simple\u00bb link=\u00bburl:https%3A%2F%2Fmelcaramel.com%2Ftenda%2Fmel-ecologica-de-santiani%2F|title:Mel%20ecol%C3%B2gica%20de%20Santiani|\u00bb][vc_btn title=\u00bbSon Real\u00bb style=\u00bbcustom\u00bb custom_background=\u00bb\u00bb custom_text=\u00bb\u00bb shape=\u00bbsquare\u00bb css_animation=\u00bbfadeIn\u00bb el_class=\u00bbmel-boton-simple\u00bb link=\u00bburl:https%3A%2F%2Fmelcaramel.com%2Ftenda%2Fmel-ecologica-son-real%2F|title:Mel%20ecol%C3%B2gica%20de%20Son%20Real|\u00bb][vc_btn title=\u00bbSon Creus\u00bb style=\u00bbcustom\u00bb custom_background=\u00bb\u00bb custom_text=\u00bb\u00bb shape=\u00bbsquare\u00bb css_animation=\u00bbfadeIn\u00bb css=\u00bb\u00bb el_class=\u00bbmel-boton-simple\u00bb link=\u00bburl:https%3A%2F%2Fmelcaramel.com%2Ftenda%2Fmel-ecologica-son-creus%2F|title:Mel%20ecol%C3%B2gica%20de%20Son%20Creus|\u00bb][vc_single_image image=\u00bb6577&#8243; img_size=\u00bblarge\u00bb css_animation=\u00bbnone\u00bb][\/vc_column_inner][\/vc_row_inner][vc_row_inner][vc_column_inner offset=\u00bbvc_col-lg-offset-0 vc_col-lg-12&#8243;][vc_custom_heading text=\u00bb2023 Tres medallas de oro\u00bb use_theme_fonts=\u00bbyes\u00bb el_class=\u00bbmel-title-2 mt-0&#8243;][vc_column_text css_animation=\u00bbfadeIn\u00bb css=\u00bb.vc_custom_1697304857216{margin-bottom: 15px !important;}\u00bb el_class=\u00bbmel-box-body\u00bb]Medalla de oro en el concurso Biolmiel para las mieles ecol\u00f3gicas de las fincas de:[\/vc_column_text][vc_btn title=\u00bbMonn\u00e0ber Vell\u00bb style=\u00bbcustom\u00bb custom_background=\u00bb\u00bb custom_text=\u00bb\u00bb shape=\u00bbsquare\u00bb css_animation=\u00bbfadeIn\u00bb el_class=\u00bbmel-boton-simple\u00bb link=\u00bburl:https%3A%2F%2Fmelcaramel.com%2Fes%2F%3Fattachment_id%3D6904|title:Mel%20ecol%C3%B2gica%20de%20Monn%C3%A0ber%20Vell|\u00bb][vc_btn title=\u00bbSantiani\u00bb style=\u00bbcustom\u00bb custom_background=\u00bb\u00bb custom_text=\u00bb\u00bb shape=\u00bbsquare\u00bb css_animation=\u00bbfadeIn\u00bb el_class=\u00bbmel-boton-simple\u00bb link=\u00bburl:https%3A%2F%2Fmelcaramel.com%2Ftenda%2Fmel-ecologica-de-santiani%2F|title:Mel%20ecol%C3%B2gica%20de%20Santiani|\u00bb][vc_single_image image=\u00bb6197&#8243; img_size=\u00bblarge\u00bb css_animation=\u00bbnone\u00bb][vc_btn title=\u00bbSon Real\u00bb style=\u00bbcustom\u00bb custom_background=\u00bb\u00bb custom_text=\u00bb\u00bb shape=\u00bbsquare\u00bb css_animation=\u00bbfadeIn\u00bb el_class=\u00bbmel-boton-simple\u00bb link=\u00bburl:https%3A%2F%2Fmelcaramel.com%2Ftenda%2Fmel-ecologica-son-real%2F|title:Mel%20ecol%C3%B2gica%20de%20Son%20Real|\u00bb][vc_single_image image=\u00bb6193&#8243; img_size=\u00bblarge\u00bb css_animation=\u00bbnone\u00bb][\/vc_column_inner][\/vc_row_inner][vc_empty_space height=\u00bb60px\u00bb][vc_separator color=\u00bbblack\u00bb][vc_row_inner][vc_column_inner offset=\u00bbvc_col-lg-offset-0 vc_col-lg-12&#8243;][vc_custom_heading text=\u00bb2023 Seis medallas de plata\u00bb use_theme_fonts=\u00bbyes\u00bb css=\u00bb\u00bb el_class=\u00bbmel-title-2 mt-0&#8243;][vc_column_text css_animation=\u00bbfadeIn\u00bb css=\u00bb.vc_custom_1708623571833{margin-bottom: 15px !important;}\u00bb el_class=\u00bbmel-box-body\u00bb]Medalla de plata en el concurso Biolmiel para las mieles ecol\u00f3gicas de las fincas de:[\/vc_column_text][vc_btn title=\u00bbCan Knudsen\u00bb style=\u00bbcustom\u00bb custom_background=\u00bb\u00bb custom_text=\u00bb\u00bb shape=\u00bbsquare\u00bb css_animation=\u00bbfadeIn\u00bb el_class=\u00bbmel-boton-simple\u00bb link=\u00bburl:https%3A%2F%2Fmelcaramel.com%2Ftenda%2Fmel-ecologica-can-knudsen%2F|title:Mel%20ecol%C3%B2gica%20de%20Can%20Knudsen|\u00bb][vc_btn title=\u00bbGalatz\u00f3\u00bb style=\u00bbcustom\u00bb custom_background=\u00bb\u00bb custom_text=\u00bb\u00bb shape=\u00bbsquare\u00bb css_animation=\u00bbfadeIn\u00bb el_class=\u00bbmel-boton-simple\u00bb link=\u00bburl:https%3A%2F%2Fmelcaramel.com%2Ftenda%2Fmel-ecologica-de-galatzo%2F|title:Mel%20ecol%C3%B2gica%20de%20Galatz%C3%B3|\u00bb][vc_btn title=\u00bbMosset\u00bb style=\u00bbcustom\u00bb custom_background=\u00bb\u00bb custom_text=\u00bb\u00bb shape=\u00bbsquare\u00bb css_animation=\u00bbfadeIn\u00bb el_class=\u00bbmel-boton-simple\u00bb link=\u00bburl:https%3A%2F%2Fmelcaramel.com%2Ftenda%2Fmel-ecologica-de-mosset%2F|title:Mel%20ecol%C3%B2gica%20de%20Mosset|\u00bb][vc_btn title=\u00bbPlan\u00edcia\u00bb style=\u00bbcustom\u00bb custom_background=\u00bb\u00bb custom_text=\u00bb\u00bb shape=\u00bbsquare\u00bb css_animation=\u00bbfadeIn\u00bb el_class=\u00bbmel-boton-simple\u00bb link=\u00bburl:https%3A%2F%2Fmelcaramel.com%2Ftenda%2Fmel-ecologica-de-planicia%2F|title:Mel%20ecol%C3%B2gica%20de%20Plan%C3%ADcia|\u00bb][vc_single_image image=\u00bb6205&#8243; img_size=\u00bblarge\u00bb css_animation=\u00bbnone\u00bb][vc_btn title=\u00bbMonn\u00e0ber Vell\u00bb style=\u00bbcustom\u00bb custom_background=\u00bb\u00bb custom_text=\u00bb\u00bb shape=\u00bbsquare\u00bb css_animation=\u00bbfadeIn\u00bb el_class=\u00bbmel-boton-simple\u00bb link=\u00bburl:https%3A%2F%2Fmelcaramel.com%2Fes%2F%3Fattachment_id%3D6904|title:Mel%20ecol%C3%B2gica%20de%20Monn%C3%A0ber%20Vell|\u00bb][vc_btn title=\u00bbSantiani\u00bb style=\u00bbcustom\u00bb custom_background=\u00bb\u00bb custom_text=\u00bb\u00bb shape=\u00bbsquare\u00bb css_animation=\u00bbfadeIn\u00bb el_class=\u00bbmel-boton-simple\u00bb link=\u00bburl:https%3A%2F%2Fmelcaramel.com%2Ftenda%2Fmel-ecologica-de-santiani%2F|title:Mel%20ecol%C3%B2gica%20de%20Santiani|\u00bb][vc_single_image image=\u00bb6201&#8243; img_size=\u00bblarge\u00bb css_animation=\u00bbnone\u00bb][\/vc_column_inner][\/vc_row_inner][vc_empty_space height=\u00bb60px\u00bb][vc_separator color=\u00bbblack\u00bb][vc_row_inner][vc_column_inner offset=\u00bbvc_col-lg-offset-0 vc_col-lg-12&#8243;][vc_custom_heading text=\u00bb2022 Dos medallas de oro\u00bb use_theme_fonts=\u00bbyes\u00bb el_class=\u00bbmel-title-2 mt-0&#8243;][vc_column_text css_animation=\u00bbfadeIn\u00bb css=\u00bb.vc_custom_1697304857216{margin-bottom: 15px !important;}\u00bb el_class=\u00bbmel-box-body\u00bb]Medalla de oro en el concurso Biolmiel para las mieles ecol\u00f3gicas de las fincas de:[\/vc_column_text][vc_btn title=\u00bbGalatz\u00f3\u00bb style=\u00bbcustom\u00bb custom_background=\u00bb\u00bb custom_text=\u00bb\u00bb shape=\u00bbsquare\u00bb css_animation=\u00bbfadeIn\u00bb el_class=\u00bbmel-boton-simple\u00bb link=\u00bburl:https%3A%2F%2Fmelcaramel.com%2Ftenda%2Fmel-ecologica-de-galatzo%2F|title:Mel%20ecol%C3%B2gica%20de%20Galatz%C3%B3|\u00bb][vc_btn title=\u00bbMonn\u00e0ber Vell\u00bb style=\u00bbcustom\u00bb custom_background=\u00bb\u00bb custom_text=\u00bb\u00bb shape=\u00bbsquare\u00bb css_animation=\u00bbfadeIn\u00bb el_class=\u00bbmel-boton-simple\u00bb link=\u00bburl:https%3A%2F%2Fmelcaramel.com%2Fes%2F%3Fattachment_id%3D6904|title:Mel%20ecol%C3%B2gica%20de%20Monn%C3%A0ber%20Vell|\u00bb][\/vc_column_inner][\/vc_row_inner]<div id='bbsm-69ef5119b9d47' class='wow fadeIn   bbsm-text-'>[vc_single_image image=\u00bb5479&#8243; img_size=\u00bblarge\u00bb css_animation=\u00bbnone\u00bb]<\/div>[vc_empty_space height=\u00bb60px\u00bb][vc_separator color=\u00bbblack\u00bb][vc_row_inner][vc_column_inner offset=\u00bbvc_col-lg-offset-0 vc_col-lg-12&#8243;][vc_custom_heading text=\u00bb2021 Medalla de oro\u00bb use_theme_fonts=\u00bbyes\u00bb el_class=\u00bbmel-title-2 mt-0&#8243;][vc_column_text css_animation=\u00bbfadeIn\u00bb css=\u00bb.vc_custom_1662481266595{margin-bottom: 15px !important;}\u00bb el_class=\u00bbmel-box-body\u00bb]Medalla de oro en el concurso Biolmiel para la miel ecol\u00f3gica de la finca de:[\/vc_column_text][vc_btn title=\u00bbMosset\u00bb style=\u00bbcustom\u00bb custom_background=\u00bb\u00bb custom_text=\u00bb\u00bb shape=\u00bbsquare\u00bb css_animation=\u00bbfadeIn\u00bb el_class=\u00bbmel-boton-simple\u00bb link=\u00bburl:https%3A%2F%2Fmelcaramel.com%2Ftenda%2Fmel-ecologica-de-mosset%2F|title:Mel%20ecol%C3%B2gica%20de%20Mosset|\u00bb][\/vc_column_inner][\/vc_row_inner]<div id='bbsm-69ef5119b9dbf' class='wow fadeIn   bbsm-text-'>[vc_single_image image=\u00bb5295&#8243; img_size=\u00bbfull\u00bb css_animation=\u00bbnone\u00bb]<\/div>[vc_empty_space height=\u00bb60px\u00bb][vc_separator color=\u00bbblack\u00bb][vc_row_inner][vc_column_inner offset=\u00bbvc_col-lg-offset-0 vc_col-lg-12&#8243;][vc_custom_heading text=\u00bb2020 Cinco medallas de oro\u00bb use_theme_fonts=\u00bbyes\u00bb el_class=\u00bbmel-title-2 mt-0&#8243;][vc_column_text css_animation=\u00bbfadeIn\u00bb css=\u00bb.vc_custom_1621868962230{margin-bottom: 15px !important;}\u00bb el_class=\u00bbmel-box-body\u00bb]Medalla de oro en el concurso Biolmiel para las mieles ecol\u00f3gicas de las fincas de:[\/vc_column_text][vc_btn title=\u00bbEs Rafal de Planicia\u00bb style=\u00bbcustom\u00bb custom_background=\u00bb\u00bb custom_text=\u00bb\u00bb shape=\u00bbsquare\u00bb css_animation=\u00bbfadeIn\u00bb el_class=\u00bbmel-boton-simple\u00bb link=\u00bburl:https%3A%2F%2Fmelcaramel.com%2Ftenda%2Fmel-ecologica-es-rafal-de-planicia%2F|\u00bb][vc_btn title=\u00bbMonn\u00e0ber Vell\u00bb style=\u00bbcustom\u00bb custom_background=\u00bb\u00bb custom_text=\u00bb\u00bb shape=\u00bbsquare\u00bb css_animation=\u00bbfadeIn\u00bb el_class=\u00bbmel-boton-simple\u00bb link=\u00bburl:https%3A%2F%2Fmelcaramel.com%2Fes%2F%3Fattachment_id%3D6904|title:Mel%20ecol%C3%B2gica%20de%20Monn%C3%A0ber%20Vell|\u00bb][vc_btn title=\u00bbPlanicia\u00bb style=\u00bbcustom\u00bb custom_background=\u00bb\u00bb custom_text=\u00bb\u00bb shape=\u00bbsquare\u00bb css_animation=\u00bbfadeIn\u00bb el_class=\u00bbmel-boton-simple\u00bb link=\u00bburl:https%3A%2F%2Fmelcaramel.com%2Ftenda%2Fmel-ecologica-de-planicia%2F|title:Mel%20ecol%C3%B2gica%20de%20Planicia|\u00bb][vc_btn title=\u00bbSes Cabanasses\u00bb style=\u00bbcustom\u00bb custom_background=\u00bb\u00bb custom_text=\u00bb\u00bb shape=\u00bbsquare\u00bb css_animation=\u00bbfadeIn\u00bb el_class=\u00bbmel-boton-simple\u00bb link=\u00bburl:https%3A%2F%2Fmelcaramel.com%2Ftenda%2Fmel-ecologica-ses-cabanasses%2F|title:Mel%20ecol%C3%B2gica%20Son%20Real|\u00bb][vc_btn title=\u00bbSon Real\u00bb style=\u00bbcustom\u00bb custom_background=\u00bb\u00bb custom_text=\u00bb\u00bb shape=\u00bbsquare\u00bb css_animation=\u00bbfadeIn\u00bb el_class=\u00bbmel-boton-simple\u00bb link=\u00bburl:https%3A%2F%2Fmelcaramel.com%2Ftenda%2Fmel-ecologica-son-real%2F|title:Mel%20ecol%C3%B2gica%20de%20Son%20Real|\u00bb][vc_empty_space][\/vc_column_inner][\/vc_row_inner]<div id='bbsm-69ef5119b9e30' class='wow fadeIn   bbsm-text-'>[vc_single_image image=\u00bb5072&#8243; img_size=\u00bbfull\u00bb css_animation=\u00bbnone\u00bb]<\/div>[vc_empty_space height=\u00bb60px\u00bb][vc_separator color=\u00bbblack\u00bb][vc_row_inner][vc_column_inner offset=\u00bbvc_col-lg-offset-0 vc_col-lg-12&#8243;][vc_custom_heading text=\u00bb2019 Medalla de plata\u00bb use_theme_fonts=\u00bbyes\u00bb css=\u00bb\u00bb el_class=\u00bbmel-title-2 mt-0&#8243;][vc_column_text css_animation=\u00bbfadeIn\u00bb css=\u00bb.vc_custom_1757601151536{margin-bottom: 15px !important;}\u00bb el_class=\u00bbmel-box-body\u00bb]Medalla de plata en el concurso Biolmiel para la miel ecol\u00f3gica de la finca[\/vc_column_text][vc_btn title=\u00bbSes Cabanasses\u00bb style=\u00bbcustom\u00bb custom_background=\u00bb\u00bb custom_text=\u00bb\u00bb shape=\u00bbsquare\u00bb css_animation=\u00bbfadeIn\u00bb el_class=\u00bbmel-boton-simple\u00bb link=\u00bburl:https%3A%2F%2Fmelcaramel.com%2Ftenda%2Fmel-ecologica-ses-cabanasses%2F|title:Mel%20ecol%C3%B2gica%20Son%20Real|\u00bb][vc_empty_space][\/vc_column_inner][\/vc_row_inner]<div id='bbsm-69ef5119b9e9f' class='wow fadeIn   bbsm-text-'>[vc_single_image image=\u00bb3892&#8243; img_size=\u00bbfull\u00bb css_animation=\u00bbnone\u00bb css=\u00bb\u00bb]<\/div>[vc_empty_space height=\u00bb60px\u00bb][vc_separator color=\u00bbblack\u00bb][vc_row_inner][vc_column_inner offset=\u00bbvc_col-lg-offset-0 vc_col-lg-12&#8243;][vc_custom_heading text=\u00bb2018 Dos medallas de oro\u00bb use_theme_fonts=\u00bbyes\u00bb el_class=\u00bbmel-title-2 mt-0&#8243;][vc_column_text css_animation=\u00bbfadeIn\u00bb css=\u00bb.vc_custom_1596360924967{margin-bottom: 15px !important;}\u00bb el_class=\u00bbmel-box-body\u00bb]Medalla de oro en el concurso Biolmiel para las mieles ecol\u00f3gicas de las fincas de:[\/vc_column_text][vc_btn title=\u00bbSes Cabanasses\u00bb style=\u00bbcustom\u00bb custom_background=\u00bb\u00bb custom_text=\u00bb\u00bb shape=\u00bbsquare\u00bb css_animation=\u00bbfadeIn\u00bb el_class=\u00bbmel-boton-simple\u00bb link=\u00bburl:https%3A%2F%2Fmelcaramel.com%2Ftenda%2Fmel-ecologica-ses-cabanasses%2F|title:Mel%20ecol%C3%B2gica%20Son%20Real|\u00bb][vc_btn title=\u00bbSon Real\u00bb style=\u00bbcustom\u00bb custom_background=\u00bb\u00bb custom_text=\u00bb\u00bb shape=\u00bbsquare\u00bb css_animation=\u00bbfadeIn\u00bb el_class=\u00bbmel-boton-simple\u00bb link=\u00bburl:https%3A%2F%2Fmelcaramel.com%2Ftenda%2Fmel-ecologica-son-real%2F|title:Mel%20ecol%C3%B2gica%20Son%20Real|\u00bb][vc_custom_heading text=\u00bbGanador del concurso Biolmiel\u00bb use_theme_fonts=\u00bbyes\u00bb el_class=\u00bbmel-title-2 mt-0&#8243;][vc_column_text css_animation=\u00bbfadeIn\u00bb css=\u00bb.vc_custom_1596360952429{margin-bottom: 15px !important;}\u00bb el_class=\u00bbmel-box-body\u00bb]Con la miel recolectada en la finca de:[\/vc_column_text][vc_btn title=\u00bbSes Cabanasses\u00bb style=\u00bbcustom\u00bb custom_background=\u00bb\u00bb custom_text=\u00bb\u00bb shape=\u00bbsquare\u00bb css_animation=\u00bbfadeIn\u00bb el_class=\u00bbmel-boton-simple\u00bb link=\u00bburl:https%3A%2F%2Fmelcaramel.com%2Ftenda%2Fmel-ecologica-ses-cabanasses%2F|title:Mel%20ecol%C3%B2gica%20Son%20Real|\u00bb][\/vc_column_inner][\/vc_row_inner][vc_empty_space]<div id='bbsm-69ef5119b9f0e' class='wow fadeIn   bbsm-text-'>[vc_single_image image=\u00bb3885&#8243; img_size=\u00bbfull\u00bb css_animation=\u00bbnone\u00bb]<\/div>[vc_empty_space height=\u00bb60px\u00bb][vc_separator color=\u00bbblack\u00bb][vc_row_inner][vc_column_inner offset=\u00bbvc_col-lg-offset-0 vc_col-lg-12&#8243;][vc_custom_heading text=\u00bb2017 Medalla de plata\u00bb use_theme_fonts=\u00bbyes\u00bb el_class=\u00bbmel-title-2 mt-0&#8243;][vc_column_text css_animation=\u00bbfadeIn\u00bb css=\u00bb.vc_custom_1596361227526{margin-bottom: 15px !important;}\u00bb el_class=\u00bbmel-box-body\u00bb]Medalla de plata en el concurso Biolmiel para la miel ecol\u00f3gica de la finca de:[\/vc_column_text][vc_btn title=\u00bbEs Rafal de Plan\u00edcia\u00bb style=\u00bbcustom\u00bb custom_background=\u00bb\u00bb custom_text=\u00bb\u00bb shape=\u00bbsquare\u00bb css_animation=\u00bbfadeIn\u00bb el_class=\u00bbmel-boton-simple\u00bb link=\u00bburl:https%3A%2F%2Fmelcaramel.com%2Ftenda%2Fmel-ecologica-es-rafal-de-planicia%2F|title:Es%20Rafal%20de%20Plan%C3%ADcia|\u00bb][\/vc_column_inner][\/vc_row_inner][vc_empty_space]<div id='bbsm-69ef5119b9f7a' class='wow fadeIn   bbsm-text-'>[vc_single_image image=\u00bb3882&#8243; img_size=\u00bbfull\u00bb]<\/div>[vc_empty_space height=\u00bb60px\u00bb][\/vc_column][vc_column css_animation=\u00bbfadeIn\u00bb width=\u00bb2\/3&#8243; offset=\u00bbvc_col-lg-offset-1 vc_col-lg-2 vc_col-md-offset-1 vc_col-md-3 vc_col-sm-offset-2 vc_col-xs-offset-2 vc_col-xs-8&#8243; bb_sm_mode=\u00bbno\u00bb][vc_gallery interval=\u00bb3&#8243; images=\u00bb7513,7458,7459,6572,6568,6209,6213,5464,5338,5084,4043,7514,3875,3984&#8243; img_size=\u00bb280&#215;320&#8243; onclick=\u00bb\u00bb css_animation=\u00bbfadeIn\u00bb css=\u00bb\u00bb el_class=\u00bbnocontrol-slider wow\u00bb][\/vc_column][\/vc_row][vc_row][vc_column][vc_empty_space height=\u00bb100px\u00bb][\/vc_column][\/vc_row]<\/p>\n<\/div>","protected":false},"excerpt":{"rendered":"<p>[vc_row css_animation=\u00bbslideInLeft\u00bb el_class=\u00bbmel-col-color-right slider-mel\u00bb bb_sm_mode=\u00bbno\u00bb el_id=\u00bbpagina-servicios\u00bb][vc_column css_animation=\u00bbfadeIn\u00bb offset=\u00bbvc_col-lg-offset-1 vc_col-lg-10 vc_col-md-12&#8243; bb_sm_mode=\u00bbno\u00bb el_class=\u00bbwow\u00bb][\/vc_column][\/vc_row][vc_row el_class=\u00bbmel-textslider\u00bb][vc_column css_animation=\u00bbfadeIn\u00bb width=\u00bb5\/6&#8243; offset=\u00bbvc_col-lg-offset-2 vc_col-lg-10 vc_col-md-offset-1 vc_col-md-10 vc_col-sm-offset-1 vc_col-xs-offset-1 vc_col-xs-10&#8243; bb_sm_mode=\u00bbno\u00bb][vc_custom_heading text=\u00bbPremios\u00bb font_container=\u00bbtag:h1|text_align:left\u00bb use_theme_fonts=\u00bbyes\u00bb css_animation=\u00bbfadeIn\u00bb el_class=\u00bbmel-title-1&#8243;][vc_custom_heading text=\u00bbinternacionales\u00bb use_theme_fonts=\u00bbyes\u00bb css_animation=\u00bbfadeIn\u00bb el_class=\u00bbmel-title-2&#8243;][\/vc_column][\/vc_row][vc_row content_placement=\u00bbmiddle\u00bb el_class=\u00bbmel-textslider\u00bb][vc_column css_animation=\u00bbfadeIn\u00bb width=\u00bb3\/4&#8243; offset=\u00bbvc_col-lg-offset-3 vc_col-lg-4 vc_col-md-offset-2 vc_col-md-5 vc_col-sm-offset-2 vc_col-xs-offset-1 vc_col-xs-10&#8243; bb_sm_mode=\u00bbno\u00bb][vc_row_inner][vc_column_inner][\/vc_column_inner][\/vc_row_inner][vc_row_inner][vc_column_inner offset=\u00bbvc_col-lg-offset-0 vc_col-lg-12&#8243;][vc_custom_heading text=\u00bb2025 Medalla de oro\u00bb use_theme_fonts=\u00bbyes\u00bb css=\u00bb\u00bb el_class=\u00bbmel-title-2 mt-0&#8243;][vc_column_text css_animation=\u00bbfadeIn\u00bb [&hellip;]<\/p>\n","protected":false},"author":1,"featured_media":0,"parent":0,"menu_order":3,"comment_status":"closed","ping_status":"closed","template":"page-NoTitleBar.php","meta":{"inline_featured_image":false,"footnotes":""},"class_list":["post-5450","page","type-page","status-publish","hentry"],"_links":{"self":[{"href":"https:\/\/melcaramel.com\/es\/wp-json\/wp\/v2\/pages\/5450","targetHints":{"allow":["GET"]}}],"collection":[{"href":"https:\/\/melcaramel.com\/es\/wp-json\/wp\/v2\/pages"}],"about":[{"href":"https:\/\/melcaramel.com\/es\/wp-json\/wp\/v2\/types\/page"}],"author":[{"embeddable":true,"href":"https:\/\/melcaramel.com\/es\/wp-json\/wp\/v2\/users\/1"}],"replies":[{"embeddable":true,"href":"https:\/\/melcaramel.com\/es\/wp-json\/wp\/v2\/comments?post=5450"}],"version-history":[{"count":3,"href":"https:\/\/melcaramel.com\/es\/wp-json\/wp\/v2\/pages\/5450\/revisions"}],"predecessor-version":[{"id":7534,"href":"https:\/\/melcaramel.com\/es\/wp-json\/wp\/v2\/pages\/5450\/revisions\/7534"}],"wp:attachment":[{"href":"https:\/\/melcaramel.com\/es\/wp-json\/wp\/v2\/media?parent=5450"}],"curies":[{"name":"wp","href":"https:\/\/api.w.org\/{rel}","templated":true}]}}