{"id":4104,"date":"2019-07-18T21:48:28","date_gmt":"2019-07-18T19:48:28","guid":{"rendered":"https:\/\/melcaramel.com\/shop\/mel-ecologica-de-galatzo\/"},"modified":"2025-09-17T13:56:19","modified_gmt":"2025-09-17T11:56:19","slug":"miel-ecologica-de-galatzo","status":"publish","type":"product","link":"https:\/\/melcaramel.com\/es\/tienda\/miel-ecologica-de-galatzo\/","title":{"rendered":"Miel ecol\u00f3gica de Galatz\u00f3"},"content":{"rendered":"<h2>Caracter\u00edsticas sensoriales<\/h2>\n<h3>Aspecto visual<\/h3>\n<p>Color \u00e1mbar muy oscuro casi negro, m\u00ednimo 90 mm Pfund.<\/p>\n<h3>Aroma<\/h3>\n<p>Floral muy intenso y persistente.<\/p>\n<h3>Gusto<\/h3>\n<p>Muy dulce con notas un poco picantes.<\/p>\n<h3>Tacto<\/h3>\n<p>Cristalizaci\u00f3n muy lenta.<\/p>\n<h2>Espectro pol\u00ednico<\/h2>\n<p>57% de mirto (Myrtus communis) como planta mel\u00edfera mayoritaria, 8,4% de aladierno (Rhamnus alaternus) y un 1,9% de asf\u00f3delos (Asphodelus spp.), como plantas mel\u00edferas acompa\u00f1antes m\u00e1s representativas.<\/p>\n<h2>Origen geogr\u00e1fico<\/h2>\n<p>La possessi\u00f3 (finca r\u00fastica) de Galatz\u00f3 est\u00e1 situada en la zona norte del municipio de Calvi\u00e0 e incluida \u00edntegramente en la Sierra de Tramuntana, declarada Patrimonio Mundial por la UNESCO. Galatz\u00f3 es una de las fincas m\u00e1s grandes de Mallorca con una extensi\u00f3n de 1401 hect\u00e1reas. Sus caracter\u00edsticas geogr\u00e1ficas, con la monta\u00f1a Galatz\u00f3 dominando el paisaje, un valle cerrado por un complejo sistema de colinas y monta\u00f1as, junto con las tierras f\u00e9rtiles pr\u00f3ximas al Torrent de Galatz\u00f3, configuran un entorno m\u00e1gico y \u00fanico.  <\/p>\n<h2>Origen bot\u00e1nico<\/h2>\n<p>Galatz\u00f3 presenta una muy buena muestra de la diversidad de comunidades vegetales que caracteriza el paisaje rural de Mallorca. Algunas de las especies vegetales m\u00e1s interesantes des del punto de vista ap\u00edcola son : los asf\u00f3delos (Asphodelus spp.), romeros (Rosmarinus officinalis), viboreras (Echium spp.), tr\u00e9boles (Trifolium\/Lotus sp.) mirtos (Myrtus communis), jaras blancas (Cistus albidus), jaguarzos negros (Cistus monspeliensis), brezos de invierno (Erica multiflora), cardos (Galactites tomentosa), aladiernos (Rhamnus alaternus), encinas (Quercux ilex) y en las tierras f\u00e9rtiles encontramos naranjos (Citrus sinensis), almendros (Prunus dulcis) y algarrobos (Ceratonia siliqua). <\/p>\n","protected":false},"excerpt":{"rendered":"<p>Peso Neto <strong>450 g<\/strong><\/p>\n","protected":false},"featured_media":4106,"comment_status":"open","ping_status":"closed","template":"","meta":{"inline_featured_image":false},"product_brand":[],"product_cat":[102,193,194],"product_tag":[113],"class_list":{"0":"post-4104","1":"product","2":"type-product","3":"status-publish","4":"has-post-thumbnail","6":"product_cat-miel-ecologica","7":"product_cat-premi-medalla-or-2022","8":"product_cat-premi-medalla-plata-2023-2","9":"product_tag-miel-oscura","11":"first","12":"outofstock","13":"taxable","14":"shipping-taxable","15":"purchasable","16":"product-type-simple","17":"woo-variation-gallery-product"},"_links":{"self":[{"href":"https:\/\/melcaramel.com\/es\/wp-json\/wp\/v2\/product\/4104","targetHints":{"allow":["GET"]}}],"collection":[{"href":"https:\/\/melcaramel.com\/es\/wp-json\/wp\/v2\/product"}],"about":[{"href":"https:\/\/melcaramel.com\/es\/wp-json\/wp\/v2\/types\/product"}],"replies":[{"embeddable":true,"href":"https:\/\/melcaramel.com\/es\/wp-json\/wp\/v2\/comments?post=4104"}],"wp:featuredmedia":[{"embeddable":true,"href":"https:\/\/melcaramel.com\/es\/wp-json\/wp\/v2\/media\/4106"}],"wp:attachment":[{"href":"https:\/\/melcaramel.com\/es\/wp-json\/wp\/v2\/media?parent=4104"}],"wp:term":[{"taxonomy":"product_brand","embeddable":true,"href":"https:\/\/melcaramel.com\/es\/wp-json\/wp\/v2\/product_brand?post=4104"},{"taxonomy":"product_cat","embeddable":true,"href":"https:\/\/melcaramel.com\/es\/wp-json\/wp\/v2\/product_cat?post=4104"},{"taxonomy":"product_tag","embeddable":true,"href":"https:\/\/melcaramel.com\/es\/wp-json\/wp\/v2\/product_tag?post=4104"}],"curies":[{"name":"wp","href":"https:\/\/api.w.org\/{rel}","templated":true}]}}