{"id":4116,"date":"2019-07-18T20:02:59","date_gmt":"2019-07-18T18:02:59","guid":{"rendered":"https:\/\/melcaramel.com\/shop\/mel-ecologica-ses-cabanasses\/"},"modified":"2025-09-18T12:14:08","modified_gmt":"2025-09-18T10:14:08","slug":"miel-ses-cabanasses","status":"publish","type":"product","link":"https:\/\/melcaramel.com\/es\/tienda\/miel-ses-cabanasses\/","title":{"rendered":"Miel de Ses Cabanasses"},"content":{"rendered":"<h2>Caracter\u00edsticas sensoriales<\/h2>\n<h3>Aspecto visual<\/h3>\n<p>Color \u00e1mbar con tonalidades rojizas, m\u00e1ximo 83 mm Pfund.<\/p>\n<h3>Aroma<\/h3>\n<p>Floral muy intenso y persistente.<\/p>\n<h3>Gusto<\/h3>\n<p>Muy dulce con suaves notas \u00e1cidas.<\/p>\n<h3>Tacto<\/h3>\n<p>Cristalizaci\u00f3n r\u00e1pida y en cristales de tama\u00f1o medio.<\/p>\n<h2>Espectro pol\u00ednico<\/h2>\n<p>25,1% de aladierno (Rhamnus alaternus) como planta mel\u00edfera mayoritaria, 8,8% de cardo (Galactites tomentosa), 4,2% de viborera (Echium spp.) y 2,6% de mirto (Myrtus communis) como plantas mel\u00edferas acompa\u00f1antes m\u00e1s representativas.<\/p>\n<h2>Origen geogr\u00e1fico<\/h2>\n<p>La possessi\u00f3 (finca r\u00fastica) de Ses Cabanasses se encuentra en el municipio de Petra, al nordeste de Mallorca. Tiene una extensi\u00f3n de 290 hect\u00e1reas y es un peque\u00f1o reducto del territorio que ha permanecido casi intacto al transcurso del tiempo. Las singularidades m\u00e1s relevantes de la finca son: las vistas desde las casas, desde donde se puede contemplar la majestuosidad de la Sierra de Tramuntana y su gran extensi\u00f3n de garriga baja t\u00edpica del paisaje mediterr\u00e1neo.<\/p>\n<h2>Origen bot\u00e1nico<\/h2>\n<p>En el escenario natural de Ses Cabanasses podemos encontrar alfombras de asf\u00f3delos (Asphodelus spp.), cardos (Galactites tomentosa), hiniestas (Genista spp.), viboreras (Echium spp.), jaras blancas (Cistus albidus), jaguarzos negros (Cistus monspeliensis), zamarillas (Teucrium spp) y otras especies caracter\u00edsticas del paisaje mediterr\u00e1neo como los t\u00e1rtagos (Euphorbia spp.), mirtos (Myrtus communis) o aladiernos (Rhamnus alaternus), y en una parte de los campos de cultivo, hallamos una concentraci\u00f3n elevada de almendros (Prunus dulcis) y algarrobos (Ceratonia siliqua), \u00e1rboles caracteristicos de las tierras de secano de Mallorca. <\/p>\n","protected":false},"excerpt":{"rendered":"<p>Peso Neto <strong>450 g<\/strong><\/p>\n","protected":false},"featured_media":5421,"comment_status":"open","ping_status":"closed","template":"","meta":{"inline_featured_image":false},"product_brand":[],"product_cat":[102,219,182,186,214],"product_tag":[114],"class_list":{"0":"post-4116","1":"product","2":"type-product","3":"status-publish","4":"has-post-thumbnail","6":"product_cat-miel-ecologica","7":"product_cat-premi-guanyador-del-concurs-biolmiel-2018","8":"product_cat-premi-medalla-or-2018","9":"product_cat-premi-medalla-or-2020","10":"product_cat-premi-medalla-plata-2019","11":"product_tag-miel-clara","13":"first","14":"outofstock","15":"taxable","16":"shipping-taxable","17":"purchasable","18":"product-type-simple","19":"woo-variation-gallery-product"},"_links":{"self":[{"href":"https:\/\/melcaramel.com\/es\/wp-json\/wp\/v2\/product\/4116","targetHints":{"allow":["GET"]}}],"collection":[{"href":"https:\/\/melcaramel.com\/es\/wp-json\/wp\/v2\/product"}],"about":[{"href":"https:\/\/melcaramel.com\/es\/wp-json\/wp\/v2\/types\/product"}],"replies":[{"embeddable":true,"href":"https:\/\/melcaramel.com\/es\/wp-json\/wp\/v2\/comments?post=4116"}],"wp:featuredmedia":[{"embeddable":true,"href":"https:\/\/melcaramel.com\/es\/wp-json\/wp\/v2\/media\/5421"}],"wp:attachment":[{"href":"https:\/\/melcaramel.com\/es\/wp-json\/wp\/v2\/media?parent=4116"}],"wp:term":[{"taxonomy":"product_brand","embeddable":true,"href":"https:\/\/melcaramel.com\/es\/wp-json\/wp\/v2\/product_brand?post=4116"},{"taxonomy":"product_cat","embeddable":true,"href":"https:\/\/melcaramel.com\/es\/wp-json\/wp\/v2\/product_cat?post=4116"},{"taxonomy":"product_tag","embeddable":true,"href":"https:\/\/melcaramel.com\/es\/wp-json\/wp\/v2\/product_tag?post=4116"}],"curies":[{"name":"wp","href":"https:\/\/api.w.org\/{rel}","templated":true}]}}