{"id":4122,"date":"2019-07-18T20:02:16","date_gmt":"2019-07-18T18:02:16","guid":{"rendered":"https:\/\/melcaramel.com\/shop\/mel-ecologica-son-real\/"},"modified":"2026-01-11T11:46:18","modified_gmt":"2026-01-11T10:46:18","slug":"miel-ecologica-de-son-real","status":"publish","type":"product","link":"https:\/\/melcaramel.com\/es\/tienda\/miel-ecologica-de-son-real\/","title":{"rendered":"Miel ecol\u00f3gica de Son Real"},"content":{"rendered":"<h2>Caracter\u00edsticas sensoriales<\/h2>\n<h3>Aspecto visual<\/h3>\n<p>Color \u00e1mbar con tonalidades rojizas, m\u00e1ximo 83 mm Pfund.<\/p>\n<h3>Aroma<\/h3>\n<p>Floral muy tenue.<\/p>\n<h3>Gusto<\/h3>\n<p>Dulce con notas \u00e1cidas.<\/p>\n<h3>Tacto<\/h3>\n<p>Cristalizaci\u00f3n r\u00e1pida en cristales de dimensi\u00f3n muy fina.<\/p>\n<h2>Espectro pol\u00ednico<\/h2>\n<p>20,4% de tr\u00e9boles (Lotus spp) como planta mel\u00edfera mayoritaria, 11,1% de aladierno (Rhamnus alaternus), 6,1% de zamarilla (Teucrium spp), 3,7% de cardo (Galactites tomentosa) y 2,3% de romero (Rosmarinus officinalis) como plantas mel\u00edferas acompa\u00f1antes m\u00e1s representativas.<\/p>\n<h2>Origen geogr\u00e1fico<\/h2>\n<p>La possessi\u00f3 (finca r\u00fastica) de Son Real est\u00e1 ubicada en el municipio de Santa Margalida, en la costa nordeste de Mallorca y tiene una extensi\u00f3n de 380 hect\u00e1reas. La finca se caracteriza por incluir unos yacimientos arqueol\u00f3gicos en la orilla del mar, \u00fanicos en el Mediterr\u00e1neo occidental, por poseer un sistema dunar fijado por la vegetaci\u00f3n adaptada a la salinidad del mar y tambi\u00e9n destaca especialmente por su costa con playas totalmente v\u00edrgenes donde se pueden contemplar todos los tonos de azul del mar Mediterr\u00e1neo.<\/p>\n<h2>Origen bot\u00e1nico<\/h2>\n<p>La singularidad flor\u00edstica de Son Real se debe a la presencia de suelos arenosos que marcan la diversidad floral de la finca. En estos ambientes litorales la vegetaci\u00f3n interesante para las abejas son los tr\u00e9boles (Lotus\/ Trifolium spp.), alfalfas (Medicago spp.), zaramillas (Teucrium spp.), romeros (Rosmarinus officinalis), cardos (Asteraceae), asf\u00f3delos (Asphodelus spp.), jaras blancas (Cistus albidus), jaguarzos negros (Cistus monspeliensis), aladiernos (Rhamnus alaternus), t\u00e1rtagos (Euphorbia spp.) y brezos de invierno (Erica multiflora). En la parte interior de la finca encontramos almendros (Prunus dulcis) y algarrobos (Ceratonia siliqua).<\/p>\n","protected":false},"excerpt":{"rendered":"<p>Peso Neto <strong>450 g<\/strong><\/p>\n","protected":false},"featured_media":4124,"comment_status":"open","ping_status":"closed","template":"","meta":{"inline_featured_image":false},"product_brand":[],"product_cat":[102,235,182,186,198,228,220],"product_tag":[114],"class_list":{"0":"post-4122","1":"product","2":"type-product","3":"status-publish","4":"has-post-thumbnail","6":"product_cat-miel-ecologica","7":"product_cat-premi-guanyador-del-concurs-biolmiel-2025","8":"product_cat-premi-medalla-or-2018","9":"product_cat-premi-medalla-or-2020","10":"product_cat-premi-medalla-or-2023","11":"product_cat-premi-medalla-or-2025","12":"product_cat-premio-medalla-plata-2024","13":"product_tag-miel-clara","15":"first","16":"outofstock","17":"taxable","18":"shipping-taxable","19":"purchasable","20":"product-type-simple","21":"woo-variation-gallery-product"},"_links":{"self":[{"href":"https:\/\/melcaramel.com\/es\/wp-json\/wp\/v2\/product\/4122","targetHints":{"allow":["GET"]}}],"collection":[{"href":"https:\/\/melcaramel.com\/es\/wp-json\/wp\/v2\/product"}],"about":[{"href":"https:\/\/melcaramel.com\/es\/wp-json\/wp\/v2\/types\/product"}],"replies":[{"embeddable":true,"href":"https:\/\/melcaramel.com\/es\/wp-json\/wp\/v2\/comments?post=4122"}],"wp:featuredmedia":[{"embeddable":true,"href":"https:\/\/melcaramel.com\/es\/wp-json\/wp\/v2\/media\/4124"}],"wp:attachment":[{"href":"https:\/\/melcaramel.com\/es\/wp-json\/wp\/v2\/media?parent=4122"}],"wp:term":[{"taxonomy":"product_brand","embeddable":true,"href":"https:\/\/melcaramel.com\/es\/wp-json\/wp\/v2\/product_brand?post=4122"},{"taxonomy":"product_cat","embeddable":true,"href":"https:\/\/melcaramel.com\/es\/wp-json\/wp\/v2\/product_cat?post=4122"},{"taxonomy":"product_tag","embeddable":true,"href":"https:\/\/melcaramel.com\/es\/wp-json\/wp\/v2\/product_tag?post=4122"}],"curies":[{"name":"wp","href":"https:\/\/api.w.org\/{rel}","templated":true}]}}